{"id":1127,"date":"2021-01-25T10:27:26","date_gmt":"2021-01-25T09:27:26","guid":{"rendered":"http:\/\/lyceejeanbart.fr\/?page_id=1127"},"modified":"2025-06-17T14:10:20","modified_gmt":"2025-06-17T12:10:20","slug":"expositions","status":"publish","type":"page","link":"https:\/\/www.lyceejeanbart.fr\/index.php\/expositions\/","title":{"rendered":"Expositions"},"content":{"rendered":"<p>&nbsp;<\/p>\n<p><strong>\u00ab La for\u00eat, une communaut\u00e9 vivante (Good Planet \/Canop\u00e9)\u00a0\u00bb.<\/strong> Au CDI du 03 avril 2025 au 06 juin 2025.<\/p>\n<p><strong>\u00ab L\u2019eau, une ressource vitale \u00bb\u00a0(Good Planet \/Canop\u00e9)<\/strong> du 12 mars 2025 au 06 juin 2025 .<\/p>\n<p><strong>\u00ab\u00a0Terres d\u2019Outre-mer, une tradition d\u2019innovation\u00a0\u00a0\u00bb (SCEREN CRDP)\u00a0:<\/strong>\u00a0du 17 janvier 2025\u00a0 \u00a0au 07 f\u00e9vrier 2025.<\/p>\n<p><span style=\"font-size: 12pt;\"><strong>\u00ab La for\u00eat, une communaut\u00e9 vivante<\/strong> (Good Planet)<strong> \u00bb<\/strong>. Au CDI du 22 mai au 05 juin 2024<\/span><\/p>\n<p><strong>\u00ab L&rsquo;eau, une ressource vitale \u00bb <\/strong>(Good Planet) du 26 au 29 janvier 2024<\/p>\n<p><span style=\"font-family: georgia, palatino, serif; font-size: 12pt;\">\u00ab\u00a0<b><strong>Les Dunes de Flandre : grand site de France en projet<\/strong> \u00bb. <\/b>(Dunkerque Grand Littoral , exposition pr\u00eat\u00e9e par la CUD) : du 09 janvier au 13 mars 2023<br \/>\n<\/span><\/p>\n<p><span style=\"font-family: georgia, palatino, serif; font-size: 12pt;\"><b>\u00ab Objectif de d\u00e9veloppement durable \u00bb<\/b>.(Good Planet- Canop\u00e9) : <em>du 10 mars au 29 avril 2022<br \/>\n<\/em><\/span><\/p>\n<p>\u00ab\u00a0<span style=\"font-family: georgia, palatino, serif; font-size: 12pt;\"><b> Atlas de la biodiversit\u00e9 communale -Ville de Dunkerque \u00bb<\/b>.(Good Planet- Canop\u00e9) : <em>du 22 novembre 2021 \u00e0 d\u00e9cembre 2021<\/em><\/span><\/p>\n<p align=\"left\"><span style=\"font-family: georgia, palatino, serif; font-size: 12pt;\"><i><b>\u00ab\u00a0<\/b><\/i><b>Focus sur des femmes inspirantes autour de la r\u00e9alisation de contes espagnols\u00a0<\/b><i><b>\u00bb <\/b><\/i>(exposition con\u00e7ue lors d\u2019un projet transversal espagnol-management Mme Delbart et Mme Tazergha, classe de 1STMG3) : <em>du 20 mai 2021 au 11 juin 2021\u00a0<\/em><\/span><\/p>\n<p align=\"left\"><span style=\"font-family: georgia, palatino, serif; font-size: 12pt;\"><i><b>\u00ab\u00a0<\/b><\/i><b>D\u2019hier \u00e0 aujourd\u2019hui, d\u2019une entreprise sans conscience sociale \u00e0 une entreprise vitrine soci\u00e9tale\u00a0\u00bb<\/b><b> (<\/b>exposition con\u00e7ue lors d\u2019un projet transversal histoire-management Mme Tazergha &#8211; M. Fiorine, classe de TRHGF) : <em>du 20 mai 2021 au 11 juin 2021\u00a0<\/em><\/span><\/p>\n<p align=\"left\"><span style=\"font-family: georgia, palatino, serif; font-size: 12pt;\">\u00ab\u00a0<b> Joe Sacco Les <span style=\"font-size: 12pt;\">Ind\u00e9sirables<\/span> \u00bb<\/b>.(CLEMI -pr\u00eat Canop\u00e9) : du <em>19 mai au 2 juin 2021<\/em><\/span><\/p>\n<p align=\"left\"><span style=\"font-family: georgia, palatino, serif; font-size: 12pt;\">\u00ab\u00a0<b> La presse quotidienne nationale \u00bb<\/b>.(Presstalis, CLEMI. pr\u00eat Canop\u00e9) : du <em>16 au 30 mars 2021<\/em><\/span><\/p>\n<p align=\"left\"><span style=\"font-family: georgia, palatino, serif; font-size: 12pt;\">\u00ab\u00a0<b> Alerte aux climats \u00bb<\/b>.(pr\u00eat Canop\u00e9) : du <em>12 janvier au 26 juin 2021<\/em><\/span><\/p>\n<p align=\"left\"><span style=\"font-family: georgia, palatino, serif; font-size: 12pt;\">\u00ab\u00a0<b> Histoire de la surdit\u00e9 \u00bb<\/b>.(pr\u00eat Accesourds du Littoral Dunkerquois) : du 0<em>4 au 18 d\u00e9cembre 2020<\/em><\/span><\/p>\n<p align=\"left\"><span style=\"font-family: georgia, palatino, serif; font-size: 12pt;\">\u00ab\u00a0<b> Objectif d\u00e9veloppement durable \u00bb<\/b>.(Good Planet- Canop\u00e9) : du 0<em>2 novembre 2020 au 03 d\u00e9cembre 2020<\/em><\/span><\/p>\n<p><span style=\"font-family: georgia, palatino, serif; font-size: 12pt;\">\u00ab\u00a0<strong>Otros lugares \/ Autres lieux, exposition photos sur le Chili<\/strong>\u00a0\u00bb ( CRDP Nord-Pas de Calais, exposition pr\u00eat\u00e9e par Canope)\u00a0: <em>du 06 au 20 mai 2020<\/em><\/span><\/p>\n<p><span style=\"font-family: georgia, palatino, serif; font-size: 12pt;\">\u00ab\u00a0<strong>\u00a0Les ind\u00e9sirables\u00a0<\/strong>\u00a0\u00bb (CLEMI, exposition pr\u00eat\u00e9e par Canope)\u00a0: du <em>23 mars au 06 avril 2020<\/em><\/span><\/p>\n<p><span style=\"font-family: georgia, palatino, serif; font-size: 12pt;\">\u00ab\u00a0<strong>Tricentenaire Jean de la Fontaine\u00a0: 1695-1995\u00a0<\/strong>\u00a0\u00bb ( Horizons Europe, exposition pr\u00eat\u00e9e par Canope)\u00a0: du <em>13 f\u00e9vrier au 13 mars 2020<\/em><\/span><\/p>\n<p><span style=\"font-family: georgia, palatino, serif; font-size: 12pt;\">\u00ab\u00a0<strong>Les Dunes de Flandre\u00a0: grand site de France en projet<\/strong>\u00a0\u00bb (Dunkerque Grand Littoral\u00a0, exposition pr\u00eat\u00e9e par la CUD)\u00a0: <em>du 2 au 13 d\u00e9cembre 2019<br \/>\n<\/em><\/span><\/p>\n<p><span style=\"font-family: georgia, palatino, serif; font-size: 12pt;\">\u00ab\u00a0<strong>Sciences et technologies\u00a0: filles et gar\u00e7ons,bougez vos id\u00e9es<\/strong>\u00a0\u00bb (pr\u00eat\u00e9e par\u00a0<i>Canop\u00e9) : du 30 avril au 21 mai 2019<\/i><\/span><\/p>\n<p><span style=\"font-family: georgia, palatino, serif; font-size: 12pt;\">\u00ab\u00a0<strong>La COP 24<\/strong>\u00a0\u00bb\u00a0(exposition d\u2019affiches r\u00e9alis\u00e9es par les \u00e9l\u00e8ves de Seconde de M.\u00a0Bourgeois en SVT).<em> Avril 2019<\/em><\/span><\/p>\n<p><span style=\"font-family: georgia, palatino, serif; font-size: 12pt;\">Cartooning for peace\u00a0:\u00a0<i>\u00ab\u00a0<strong>\u00a0Dessins pour la paix\u00a0<\/strong>\u00ab\u00a0<\/i> (CLEMI, exposition pr\u00eat\u00e9e par Canop\u00e9) <em>15 au 29 mars 2019<\/em><\/span><\/p>\n<p><span style=\"font-family: georgia, palatino, serif; font-size: 12pt;\">\u00ab\u00a0<strong>Le Sida<\/strong>\u00a0\u00bb ( exposition d\u2019affiches r\u00e9alis\u00e9es par les \u00e9l\u00e8ves d\u2019AP Seconde de M.\u00a0Bourgeois en SVT).<em> f\u00e9vrier 2019<\/em><\/span><\/p>\n<p><span style=\"font-family: georgia, palatino, serif; font-size: 12pt;\">Cartooning for peace\u00a0:\u00a0<i>\u00ab\u00a0<strong>\u00a0Dessine-moi la guerre\u00a0<\/strong>\u00ab\u00a0<\/i> (CLEMI, exposition pr\u00eat\u00e9e par Canop\u00e9) <em>du 15 au 29 janvier 2019<\/em><\/span><\/p>\n<p><span style=\"font-family: georgia, palatino, serif; font-size: 12pt;\">\u00ab\u00a0<strong>El d\u00eda de los muertos<\/strong>\u00a0\u00bb\u00a0( exposition d\u2019affiches et de \u00ab\u00a0calaveras\u00a0\u00bb (t\u00eates de morts mexicaines) r\u00e9alis\u00e9es par les \u00e9l\u00e8ves de Premi\u00e8re Euro Espagnol de Mme\u00a0Fenon) . <em>Novembre 2018<\/em><\/span><\/p>\n<p><span style=\"font-family: georgia, palatino, serif; font-size: 12pt;\"><i>\u00ab\u00a0<strong>La Bataille des Fralib\u00a0<\/strong>\u00ab\u00a0<\/i>\u00a0: exposition n\u00e9e \u00e0 partir de la bande dessin\u00e9e de Cl\u00e9ment Baloup et Sandrine Lana , et mise \u00e0 disposition par Massilia BD, La Communaut\u00e9 Urbaine de Dunkerque, la DRAC Hauts de France et le CLEA\u00a0. Du 13 avril au 20 avril 2018<\/span><\/p>\n<p><span style=\"font-family: georgia, palatino, serif; font-size: 12pt;\"><i>\u00ab\u00a0<strong>Recyclage des d\u00e9chets et art<\/strong>\u00ab\u00a0<\/i>\u00a0( Exposition des travaux d\u2019\u00e9l\u00e8ves de seconde en cycle d\u2019AP SVT avec Mme\u00a0Tourneur de novembre -d\u00e9cembre 2017)<\/span><br class=\"autobr\" \/><span style=\"font-family: georgia, palatino, serif; font-size: 12pt;\">du 16 janvier 2018 au 21 f\u00e9vrier 2018. Visible au CDI.<\/span><\/p>\n<p><span style=\"font-family: georgia, palatino, serif; font-size: 12pt;\"><i>\u00ab\u00a0<strong>L\u2019\u00e9nergie<\/strong>\u00ab\u00a0<\/i>\u00a0(Troisi\u00e8me \u00e9dition des expositions p\u00e9dagogiques de la fondation GoodPlanet)\u00a0: du 24 novembre 2017 au 12 janvier 2018. Visible au CDI.<\/span><\/p>\n<p><span style=\"font-family: georgia, palatino, serif; font-size: 12pt;\"><i>\u00ab\u00a0<strong>Vers une Europe plus unie<\/strong>\u00ab\u00a0<\/i>\u00a0, exposition sur le 60e anniversaire des Trait\u00e9s de Rome, 1957-2017 (La Maison de l\u2019Europe, Europe direct et Archives Historiques de l\u2019Union Europ\u00e9enne),<em> du 08 septembre au 04 octobre 2017<\/em><\/span><\/p>\n<p><span style=\"font-family: georgia, palatino, serif; font-size: 12pt;\"><i>\u00ab\u00a0<\/i><strong>La presse quotidienne nationale<\/strong><i>\u00ab\u00a0<\/i>\u00a0( Presstalis, CLEMI\u00a0; pr\u00eat\u00e9e par\u00a0<i>Canop\u00e9) du 25 avril au 12 mai 2017<\/i><\/span><\/p>\n<p><span style=\"font-family: georgia, palatino, serif; font-size: 12pt;\">\u00ab\u00a0<strong>La presse \u00e0 la une. De la gazette \u00e0 Internet<\/strong>\u00a0\u00bb ( Bnf\u00a0; pr\u00eat\u00e9e par\u00a0<i>Canop\u00e9) du 25 avril au 12 mai 2017<\/i><\/span><\/p>\n<p><span style=\"font-family: georgia, palatino, serif; font-size: 12pt;\">\u00ab\u00a0<strong>Les amphibiens<\/strong>\u00a0\u00bb (ASPAS-Salamandre junior) <em>du 20 mars au 08 avril 2017<\/em><\/span><\/p>\n<p><span style=\"font-family: georgia, palatino, serif; font-size: 12pt;\">\u00ab\u00a0<strong>Egalit\u00e9 filles &#8211; gar\u00e7ons<\/strong>\u00a0\u00bb (pr\u00eat\u00e9e par\u00a0<i>Canop\u00e9)\u00a0: du 06 au 17 mars 2017. Visible au CDI.<\/i><\/span><\/p>\n<p><span style=\"font-family: georgia, palatino, serif; font-size: 12pt;\">\u00ab\u00a0<strong>Sciences et technologies\u00a0: filles et gar\u00e7ons,bougez vos id\u00e9es<\/strong>\u00a0\u00bb (pr\u00eat\u00e9e par\u00a0Canop\u00e9<i>)\u00a0: <\/i><em>du 06 au 17 mars 2017<\/em>.<i> Visible au CDI.<\/i><\/span><\/p>\n<p><span style=\"font-family: georgia, palatino, serif; font-size: 12pt;\">\u00ab\u00a0<strong>Oulipo \/ Zazie mode d\u2019emploi<\/strong>\u00a0\u00bb (pr\u00eat\u00e9e par\u00a0<i>Zazie mode d\u2019emploi<\/i>)\u00a0: <em>du 27 septembre 2016 au 15 novembre 2016<\/em>. Visible au CDI.<\/span><\/p>\n<p><span style=\"font-family: georgia, palatino, serif; font-size: 12pt;\">\u00ab\u00a0<strong>Alimentation\u00a0: sant\u00e9 et crise alimentaire<\/strong>\u00a0\u00bb (pr\u00eat\u00e9e par le SCEREN CRDP)\u00a0: du <em>22 avril 2016 au 20 mai 2016.<\/em> Visible au CDI.<\/span><\/p>\n<p><span style=\"font-family: georgia, palatino, serif; font-size: 12pt;\"><strong>\u00ab\u00a0Le Land Art\u00a0: cr\u00e9ations d\u2019\u00e9l\u00e8ves\u00a0\u00ab\u00a0<\/strong> , objets expos\u00e9s avec leurs photographies, <em>du 14 d\u00e9cembre 2015 au 01 f\u00e9vrier 2016<\/em> (Exposition con\u00e7ue par les \u00e9l\u00e8ves d\u2019AP de Mme Tourneur apr\u00e8s un cycle d\u2019Accompagnement personnalis\u00e9 sur le Land Art).<\/span><\/p>\n<p><span style=\"font-family: georgia, palatino, serif; font-size: 12pt;\"><strong>\u00ab\u00a0Claire Audhuy, son oeuvre et l\u2019histoire des deux guerres\u00a0\u00bb<\/strong>, <em>du 23 novembre au 13 d\u00e9cembre 2015<\/em> (Exposition con\u00e7ue par les \u00e9l\u00e8ves de 2D12 et de 1\u00e8re ES3).<\/span><\/p>\n<p><span style=\"font-family: georgia, palatino, serif; font-size: 12pt;\"><strong>\u00a0\u00bb \u00c9t\u00e9 1914\u00a0: Les derniers jours du monde ancien\u00a0\u00bb<\/strong>,<em> Du 02 au 30 novembre 2015<\/em>. Exposition con\u00e7ue par la Communaut\u00e9 Urbaine de Dunkerque.<\/span><\/p>\n<p><span style=\"font-family: georgia, palatino, serif; font-size: 12pt;\"><strong>\u00a0\u00bb Concours\u00a0: affiches sur la s\u00e9curit\u00e9 routi\u00e8re \u00ab\u00a0<\/strong>, <em>juin 2015.<\/em> Affiches compos\u00e9es par les \u00e9l\u00e8ves de 2D02 et 2D09 de monsieur Piccarreta.<\/span><\/p>\n<p><span style=\"font-family: georgia, palatino, serif; font-size: 12pt;\"><strong>\u00ab\u00a0L\u2019engagement\u00a0\u00bb<\/strong>\u00a0, <em>mai 2015<\/em>, au CDI. Exposition con\u00e7ue par les \u00e9l\u00e8ves de 2D7 de monsieur Petel.<\/span><\/p>\n<p><span style=\"font-family: georgia, palatino, serif; font-size: 12pt;\"><strong>\u00a0\u00bb L\u2019esclavage dans le monde \u00ab\u00a0<\/strong>\u00a0(S\u00e9pia, 2013)\u00a0: <em>avril &#8211; 15 mai 2015<\/em>.<\/span><\/p>\n<p><span style=\"font-family: georgia, palatino, serif; font-size: 12pt;\"><strong>\u00a0\u00bb 2012, l\u2019\u00e9galit\u00e9 en marche\u00a0? \u00a0\u00bb\u00a0<\/strong>(Association Valmy- N\u00e9rac France, 2012)\u00a0: <em>mars 2015<\/em>.<\/span><\/p>\n<p><span style=\"font-family: georgia, palatino, serif; font-size: 12pt;\"><strong>\u00ab\u00a0Journalistes d\u2019un jour\u00a0\u00bb\u00a0<\/strong>, du 02\/02\/2015 au 21\/02\/2015. Exposition con\u00e7ue par les \u00e9l\u00e8ves en cours de \u00ab\u00a0Litt\u00e9rature et soci\u00e9t\u00e9\u00a0\u00bb(2D3,2D4,2D6,2D7,2D9) avec messieurs Loor et Petel.<\/span><\/p>\n<p><span style=\"font-family: georgia, palatino, serif; font-size: 12pt;\"><strong>\u00ab\u00a0Rafael Cadenas &#8211; Ecriture, V\u00e9n\u00e9zuela, et po\u00e8mes des \u00e9l\u00e8ves\u00a0\u00bb\u00a0<\/strong>\u00a0: du <em>22 novembre 2014 au 17 d\u00e9cembre 2014<\/em> au CDI, exposition con\u00e7ue par des \u00e9l\u00e8ves de Mmes\u00a0Palud et Katschnig, professeurs d\u2019espagnol.<\/span><\/p>\n<p><span style=\"font-family: georgia, palatino, serif; font-size: 12pt;\"><strong>\u00ab\u00a0Droits des enfants, devoirs des adultes\u00a0\u00bb\u00a0<\/strong>(UNICEF)\u00a0:<em> du 29 septembre au 17 octobre 2014<\/em> au CDI.<\/span><\/p>\n<p><span style=\"font-family: georgia, palatino, serif; font-size: 12pt;\"><strong>\u00ab\u00a0La bande dessin\u00e9e de reportage\u00a0\u00bb<\/strong>\u00a0:<em> du 04 avril au 26 mai 2014<\/em> au CDI, exposition con\u00e7ue par les \u00e9l\u00e8ves de 2D12 de monsieur Petel, professeur de fran\u00e7ais.<\/span><\/p>\n<p><span style=\"font-family: georgia, palatino, serif; font-size: 12pt;\"><strong>\u00ab\u00a0Le printemps des po\u00e8tes 2014 des 2D05\u00a0\u00bb<\/strong>\u00a0:<em> du 04 avril au 22 mai 2014<\/em> au CDI, exposition qui r\u00e9unit les po\u00e8mes \u00e9crits par les \u00e9l\u00e8ves de monsieur Davenne, professeur de fran\u00e7ais, dans le cadre du projet po\u00e9sie de liaison Coll\u00e8ge Van Hecke et le Lyc\u00e9e Jean Bart.<\/span><\/p>\n<p><span style=\"font-family: georgia, palatino, serif; font-size: 12pt;\"><strong>\u00a0\u00bb C\u2019\u00e9tait pourtant une si belle matin\u00e9e de printemps\u00a0: l\u2019analyse d\u2019un accident \u00ab\u00a0<\/strong>\u00a0: <em>du 19 d\u00e9cembre 2013 au 30 janvier 2014<\/em>\u00a0: (SCEREN CRDP). Visible au CDI.<\/span><\/p>\n<p><span style=\"font-family: georgia, palatino, serif; font-size: 12pt;\"><strong>\u00a0\u00bb Un long cheminement\u00a0: le monde change \u00ab\u00a0<\/strong>\u00a0: <em>du 28 novembre 2013 au 16 d\u00e9cembre 2013<\/em>\u00a0: (UNICEF &#8211; SCEREN CRDP). Visible au CDI.<\/span><\/p>\n<p><span style=\"font-family: georgia, palatino, serif; font-size: 12pt;\">\u00ab\u00a0<strong>\u00a0La Chine\u00a0<\/strong>\u00a0\u00bb\u00a0: <em>du 07 octobre 2013 au 28 novembre 2013<\/em> au CDI , exposition con\u00e7ue par les \u00e9l\u00e8ves de premi\u00e8re de Monsieur Koudlanski, professeur de chinois .<\/span><\/p>\n<p><span style=\"font-family: georgia, palatino, serif; font-size: 12pt;\">\u00ab\u00a0<strong>Huit fois oui\u00a0!\u00a0\u00a0: objectifs 2015<\/strong>\u00a0\u00bb ( Le Partenariat \u2013 Centre Ga\u00eea -Lille) sur les 8 objectifs du mill\u00e9naire pour le d\u00e9veloppement ( lutte contre la pauvret\u00e9, \u00e9ducation, sant\u00e9&#8230;)\u00a0; Exposition<em> du 20 mars 2013 au 13 mai 2013<\/em>. Visible au CDI.<\/span><\/p>\n<p><span style=\"font-family: georgia, palatino, serif; font-size: 12pt;\">\u00a0\u00bb\u00a0<strong>La s\u00e9curit\u00e9 routi\u00e8re\u00a0: Un d\u00e9fi pour le XXie si\u00e8cle<\/strong>\u00a0\u00bb (SCEREN CRDP)\u00a0: <em>du 09 janvier au 02 f\u00e9vrier 2013<\/em>. Visible au CDI.<\/span><\/p>\n<p><span style=\"font-family: georgia, palatino, serif; font-size: 12pt;\"><strong>\u00ab\u00a024 malheurs de la vie d\u2019une femme\u00a0\u00bb<\/strong>\u00a0(Textes de Pierre Moyon, photos de Emmanuelle Barbaras)\u00a0: <em>du 10 au 15 d\u00e9cembre 2012<\/em>. Visible au CDI.<\/span><\/p>\n<p><span style=\"font-family: georgia, palatino, serif; font-size: 12pt;\">\u00ab\u00a0<strong>Alimentation\u00a0: sant\u00e9 et crise alimentaire<\/strong>\u00a0\u00bb (SCEREN CRDP)\u00a0: <em>du 09 mai 2012 au 26 mai 2012<\/em>. Visible au CDI.<\/span><\/p>\n<p><span style=\"font-family: georgia, palatino, serif; font-size: 12pt;\">\u00a0\u00bb\u00a0<strong>Terres d\u2019Outre-mer, une tradition d\u2019innovation<\/strong>\u00a0\u00a0\u00bb (SCEREN CRDP)\u00a0: <em>du 06 avril 2012 au 20 avril 2012.<\/em> Visible au CDI.<\/span><\/p>\n<p><span style=\"font-family: georgia, palatino, serif; font-size: 12pt;\">\u00ab\u00a0<strong>A table\u00a0! La sant\u00e9 au menu<\/strong>\u00a0\u00bb (Double H\u00e9lice)\u00a0:<em> du 12 mars 2012 au 05 avril 2012<\/em>. Visible au CDI.<\/span><\/p>\n<p><span style=\"font-family: georgia, palatino, serif; font-size: 12pt;\"><strong>Exposition sur la Chine traditionnelle et contemporaine<\/strong>\u00a0(Institut Confucius de l\u2019Universit\u00e9 de l\u2019Artois, Arras)\u00a0: le 24 f\u00e9vrier 2012. Visible au CDI.<\/span><\/p>\n<p><span style=\"font-family: georgia, palatino, serif; font-size: 12pt;\">\u00ab\u00a0<strong>1492, images du monde, image de l\u2019autre\u00a0<\/strong>\u00a0\u00bb (SCEREN CRDP)\u00a0: <em>du 06 f\u00e9vrier 2012 au 22 f\u00e9vrier 2012<\/em>. Visible au CDI.<\/span><\/p>\n<p><span style=\"font-family: georgia, palatino, serif; font-size: 12pt;\">\u00ab\u00a0<strong>Op\u00e9ration Kalanni<\/strong>\u00a0\u00bb (Entr\u2019aide France-Mali)\u00a0: <em>du 10 janvier 2012 au 31 janvier 2012<\/em>. Visible au CDI.<\/span><\/p>\n<p><span style=\"font-family: georgia, palatino, serif; font-size: 12pt;\">\u00ab\u00a0<strong>La Colombie (G\u00e9ographie, culture, politique&#8230;)<\/strong>\u00a0\u00bb\u00a0: <em>du 25 novembre 2011 au 09 d\u00e9cembre 2011<\/em>. Visible au CDI. Cette exposition a \u00e9t\u00e9 con\u00e7ue et r\u00e9alis\u00e9e par les \u00e9l\u00e8ves de Mme\u00a0Katschnig et de Mme\u00a0Palud, issus des classes de 1ES1, 1ES2, 1LES, 1L1, TES2 (Espagnol LV2 et EURO).<\/span><\/p>\n<p><span style=\"font-family: georgia, palatino, serif; font-size: 12pt;\">\u00ab\u00a0<strong>La citoyennet\u00e9<\/strong>\u00a0\u00bb (Office National des Anciens Combattants du Nord)\u00a0: <em>du 03 au 14 octobre 2011<\/em>. Visible au CDI.<\/span><\/p>\n<p><span style=\"font-family: georgia, palatino, serif; font-size: 12pt;\">\u00ab\u00a0<strong>18 juin 1940\u00a0: l\u2019appel \u00e0 la r\u00e9sistance du G\u00e9n\u00e9ral De Gaulle<\/strong>\u00a0\u00bb (SCEREN CRDP)\u00a0: <em>du 23 mai 2011 au 18 juin 2011 et du 12 au 30 septembre 2011<\/em>. Visible au CDI.<\/span><\/p>\n<p><span style=\"font-family: georgia, palatino, serif; font-size: 12pt;\">\u00a0\u00bb\u00a0<strong>La for\u00eat\u00a0: une communaut\u00e9 vivante<\/strong>\u00a0\u00a0\u00bb (Cinqui\u00e8me \u00e9dition de l\u2019exposition p\u00e9dagogique de la fondation GoodPlanet)\u00a0: <em>du 10 mai 2011 au 25 mai 2011<\/em>. Visible au CDI.<\/span><\/p>\n<p><span style=\"font-family: georgia, palatino, serif; font-size: 12pt;\">\u00a0\u00bb\u00a0<strong>La lune. Mythes et r\u00e9alit\u00e9s\u00a0<\/strong>\u00a0\u00bb (La Coupole d\u2019Helfaut)\u00a0: <em>du 05 avril 2011 au 14 avril 2011<\/em>. Visible salle B\u00e2timent E (Foyer Filles).<\/span><\/p>\n<p><span style=\"font-family: georgia, palatino, serif; font-size: 12pt;\">\u00a0\u00bb\u00a0<strong>1492, images du monde, image de l\u2019autre<\/strong>\u00a0\u00a0\u00bb (SCEREN CRDP)\u00a0: <em>du 10 mars 2011 au 30 mars 2011<\/em>. Visible au CDI.<\/span><\/p>\n<div class=\"notranslate\" style=\"all: initial;\"><\/div>\n<div class=\"notranslate\" style=\"all: initial;\"><\/div>\n","protected":false},"excerpt":{"rendered":"<p>&nbsp; \u00ab La for\u00eat, une communaut\u00e9 vivante (Good Planet \/Canop\u00e9)\u00a0\u00bb. Au CDI du 03 avril 2025 au 06 juin 2025. \u00ab L\u2019eau, une ressource vitale \u00bb\u00a0(Good Planet \/Canop\u00e9) du 12 mars 2025 au 06 juin 2025 . \u00ab\u00a0Terres d\u2019Outre-mer, une tradition d\u2019innovation\u00a0\u00a0\u00bb (SCEREN CRDP)\u00a0:\u00a0du 17 janvier 2025\u00a0 \u00a0au 07 f\u00e9vrier 2025. \u00ab La for\u00eat, une [&hellip;]<\/p>\n","protected":false},"author":11,"featured_media":0,"parent":0,"menu_order":0,"comment_status":"closed","ping_status":"closed","template":"","meta":{"ocean_post_layout":"","ocean_both_sidebars_style":"","ocean_both_sidebars_content_width":0,"ocean_both_sidebars_sidebars_width":0,"ocean_sidebar":"0","ocean_second_sidebar":"0","ocean_disable_margins":"enable","ocean_add_body_class":"","ocean_shortcode_before_top_bar":"","ocean_shortcode_after_top_bar":"","ocean_shortcode_before_header":"","ocean_shortcode_after_header":"","ocean_has_shortcode":"","ocean_shortcode_after_title":"","ocean_shortcode_before_footer_widgets":"","ocean_shortcode_after_footer_widgets":"","ocean_shortcode_before_footer_bottom":"","ocean_shortcode_after_footer_bottom":"","ocean_display_top_bar":"default","ocean_display_header":"default","ocean_header_style":"","ocean_center_header_left_menu":"0","ocean_custom_header_template":"0","ocean_custom_logo":0,"ocean_custom_retina_logo":0,"ocean_custom_logo_max_width":0,"ocean_custom_logo_tablet_max_width":0,"ocean_custom_logo_mobile_max_width":0,"ocean_custom_logo_max_height":0,"ocean_custom_logo_tablet_max_height":0,"ocean_custom_logo_mobile_max_height":0,"ocean_header_custom_menu":"0","ocean_menu_typo_font_family":"0","ocean_menu_typo_font_subset":"","ocean_menu_typo_font_size":0,"ocean_menu_typo_font_size_tablet":0,"ocean_menu_typo_font_size_mobile":0,"ocean_menu_typo_font_size_unit":"px","ocean_menu_typo_font_weight":"","ocean_menu_typo_font_weight_tablet":"","ocean_menu_typo_font_weight_mobile":"","ocean_menu_typo_transform":"","ocean_menu_typo_transform_tablet":"","ocean_menu_typo_transform_mobile":"","ocean_menu_typo_line_height":0,"ocean_menu_typo_line_height_tablet":0,"ocean_menu_typo_line_height_mobile":0,"ocean_menu_typo_line_height_unit":"","ocean_menu_typo_spacing":0,"ocean_menu_typo_spacing_tablet":0,"ocean_menu_typo_spacing_mobile":0,"ocean_menu_typo_spacing_unit":"","ocean_menu_link_color":"","ocean_menu_link_color_hover":"","ocean_menu_link_color_active":"","ocean_menu_link_background":"","ocean_menu_link_hover_background":"","ocean_menu_link_active_background":"","ocean_menu_social_links_bg":"","ocean_menu_social_hover_links_bg":"","ocean_menu_social_links_color":"","ocean_menu_social_hover_links_color":"","ocean_disable_title":"default","ocean_disable_heading":"default","ocean_post_title":"","ocean_post_subheading":"","ocean_post_title_style":"","ocean_post_title_background_color":"","ocean_post_title_background":0,"ocean_post_title_bg_image_position":"","ocean_post_title_bg_image_attachment":"","ocean_post_title_bg_image_repeat":"","ocean_post_title_bg_image_size":"","ocean_post_title_height":0,"ocean_post_title_bg_overlay":0.5,"ocean_post_title_bg_overlay_color":"","ocean_disable_breadcrumbs":"default","ocean_breadcrumbs_color":"","ocean_breadcrumbs_separator_color":"","ocean_breadcrumbs_links_color":"","ocean_breadcrumbs_links_hover_color":"","ocean_display_footer_widgets":"default","ocean_display_footer_bottom":"default","ocean_custom_footer_template":"0","footnotes":""},"_links":{"self":[{"href":"https:\/\/www.lyceejeanbart.fr\/index.php\/wp-json\/wp\/v2\/pages\/1127"}],"collection":[{"href":"https:\/\/www.lyceejeanbart.fr\/index.php\/wp-json\/wp\/v2\/pages"}],"about":[{"href":"https:\/\/www.lyceejeanbart.fr\/index.php\/wp-json\/wp\/v2\/types\/page"}],"author":[{"embeddable":true,"href":"https:\/\/www.lyceejeanbart.fr\/index.php\/wp-json\/wp\/v2\/users\/11"}],"replies":[{"embeddable":true,"href":"https:\/\/www.lyceejeanbart.fr\/index.php\/wp-json\/wp\/v2\/comments?post=1127"}],"version-history":[{"count":27,"href":"https:\/\/www.lyceejeanbart.fr\/index.php\/wp-json\/wp\/v2\/pages\/1127\/revisions"}],"predecessor-version":[{"id":8042,"href":"https:\/\/www.lyceejeanbart.fr\/index.php\/wp-json\/wp\/v2\/pages\/1127\/revisions\/8042"}],"wp:attachment":[{"href":"https:\/\/www.lyceejeanbart.fr\/index.php\/wp-json\/wp\/v2\/media?parent=1127"}],"curies":[{"name":"wp","href":"https:\/\/api.w.org\/{rel}","templated":true}]}}