{"id":2873,"date":"2021-03-20T18:41:47","date_gmt":"2021-03-20T17:41:47","guid":{"rendered":"https:\/\/www.lyceejeanbart.fr\/?page_id=2873"},"modified":"2022-01-20T13:48:37","modified_gmt":"2022-01-20T12:48:37","slug":"llce-espagnol","status":"publish","type":"page","link":"https:\/\/www.lyceejeanbart.fr\/index.php\/llce-espagnol\/","title":{"rendered":"Sp\u00e9cialit\u00e9 &#8211; Langues, Litt\u00e9ratures et Cultures Etrang\u00e8res : Espagnol"},"content":{"rendered":"<table style=\"height: 208px; width: 100%; border-collapse: collapse;\">\n<tbody>\n<tr>\n<td style=\"background-color: #bcd2d4; vertical-align: middle;\" colspan=\"2\">\n<h1>Niveau : Seconde, Premi\u00e8re et Terminale<\/h1>\n<\/td>\n<\/tr>\n<tr style=\"height: 24px;\">\n<td style=\"height: 24px; text-align: center; vertical-align: top; width: 30%;\">&nbsp;<\/p>\n<p><img fetchpriority=\"high\" decoding=\"async\" class=\"aligncenter wp-image-2889\" src=\"https:\/\/www.lyceejeanbart.fr\/wp-content\/uploads\/2021\/03\/Espagnol.png\" alt=\"\" width=\"340\" height=\"226\" srcset=\"https:\/\/www.lyceejeanbart.fr\/wp-content\/uploads\/2021\/03\/Espagnol.png 640w, https:\/\/www.lyceejeanbart.fr\/wp-content\/uploads\/2021\/03\/Espagnol-300x200.png 300w, https:\/\/www.lyceejeanbart.fr\/wp-content\/uploads\/2021\/03\/Espagnol-272x182.png 272w\" sizes=\"(max-width: 340px) 100vw, 340px\" \/><\/td>\n<td style=\"vertical-align: top; width: 70%;\">\n<h2>C&rsquo;est quoi ?<\/h2>\n<p><span class=\"fontstyle0\" style=\"font-size: 14pt;\"> C\u2019est un groupe classe qui se constitue en classe de Premi\u00e8re autour d\u2019un enseignement qui s\u2019inscrit dans la continuit\u00e9 du socle commun de connaissances, de comp\u00e9tences et de culture et vise \u00e0 pr\u00e9parer aux attentes de l\u2019enseignement sup\u00e9rieur.<\/span><\/p>\n<h2>Pour qui ?<\/h2>\n<p><span class=\"fontstyle0\" style=\"font-size: 14pt;\"> Cet enseignement est destin\u00e9 aux \u00e9l\u00e8ves qui aiment l\u2019espagnol et qui ont un attrait pour la culture espagnole et latinoam\u00e9ricaine. Il s\u2019adresse donc en particulier aux futurs sp\u00e9cialistes (mais pas seulement). Par ailleurs, ces \u00e9l\u00e8ves suivront obligatoirement l\u2019enseignement dispens\u00e9 en LVB tant en 1\u00e8re qu\u2019en terminale et pourront aussi suivre l\u2019enseignement dispens\u00e9 en Section europ\u00e9enne Espagnol.<\/span><\/p>\n<h2>Pour quoi faire ?<\/h2>\n<ul>\n<li><span style=\"font-size: 14pt;\"><span class=\"fontstyle0\">Il s\u2019agit de construire des rep\u00e8res solides concernant le monde hispanophone (Espagne et Am\u00e9rique hispanique) \u00e0 travers l\u2019initiation \u00e0 l\u2019autonomie, au travail de recherche et au d\u00e9veloppement du sens critique. Pour ce faire, le travail s\u2019organisera autour de <\/span><span class=\"fontstyle2\">cinq grandes th\u00e9matiques <\/span><span class=\"fontstyle0\">(deux \u00e9tudi\u00e9es en 1\u00e8re et les trois autres en terminale) : Circulation des hommes et circulation des id\u00e9es (conqu\u00eate, d\u00e9couverte, voyage) et Diversit\u00e9 du monde hispanophone. Puis Repr\u00e9sentations culturelles : entre imaginaires et r\u00e9alit\u00e9s, Dominations et insoumissions et L\u2019Espagne et l\u2019Am\u00e9rique latine dans le monde : enjeux, perspectives et cr\u00e9ation.<\/span><\/span><\/li>\n<li><span class=\"fontstyle0\" style=\"font-size: 14pt;\">Cet enseignement permet aussi de d\u00e9velopper le go\u00fbt de lire, en langue \u00e9trang\u00e8re des \u0153uvres dans leur int\u00e9gralit\u00e9 et ce, de mani\u00e8re progressive et guid\u00e9e. Cette approche s\u2019accompagnera de la lecture d\u2019extraits significatifs d\u2019autres \u0153uvres classiques et contemporaines (permettant de d\u00e9couvrir des auteurs et courants litt\u00e9raires majeurs repr\u00e9sentatifs de l\u2019aire culturelle et linguistique \u00e9tudi\u00e9e). Tous les genres\u00a0<\/span><span class=\"fontstyle0\" style=\"font-size: 14pt;\">litt\u00e9raires pourront \u00eatre abord\u00e9s : th\u00e9\u00e2tre, po\u00e9sie ou prose (sous la forme de romans, nouvelles, contes, journaux, autobiographies, bandes dessin\u00e9es, notamment). Tant en premi\u00e8re qu\u2019en terminale, le programme inclut la lecture int\u00e9grale de deux \u0153uvres<br \/>\nlitt\u00e9raires ainsi que le visionnage d\u2019une \u0153uvre filmique.<\/span><\/li>\n<li><span class=\"fontstyle0\" style=\"font-size: 14pt;\">Il est aussi l\u2019occasion d\u2019approfondir la connaissance de la langue \u00e9crite et orale, travaill\u00e9e notamment \u00e0 travers l\u2019exercice de traduction (et en particulier, de la version) et plus g\u00e9n\u00e9ralement dans toutes les activit\u00e9s langagi\u00e8res (r\u00e9ception, production et interaction).<\/span><\/li>\n<\/ul>\n<h2>\u00c7a donne quoi ?<\/h2>\n<p><span style=\"font-size: 14pt;\"><span class=\"fontstyle0\">D\u00e8s la classe de Premi\u00e8re, <span class=\"fontstyle2\">les \u00e9l\u00e8ves devront constituer un dossier personnel ou \u00ab carnet de culture \u00bb (dans lequel ils pr\u00e9senteront des documents vus en classe et choisis par eux-m\u00eames). Ce travail personnel sera poursuivi en classe de Terminale.<\/span><\/span><\/span><\/p>\n<p><span style=\"font-size: 14pt;\"><span class=\"fontstyle0\">En fin de classe de Premi\u00e8re<span class=\"fontstyle2\">, les \u00e9l\u00e8ves qui ne choisiront pas de poursuivre<br \/>\nl\u2019enseignement de cette sp\u00e9cialit\u00e9, seront soumis \u00e0 une \u00e9preuve \u00e9crite de 2h.<br \/>\n<\/span>En Terminale <span class=\"fontstyle2\">: en mars, les \u00e9l\u00e8ves seront soumis \u00e0 une \u00e9preuve \u00e9crite de 3h30 ainsi qu\u2019\u00e0 un oral de 20 minutes qui prendra appui sur le \u00ab carnet de culture \u00bb.<\/span><\/span><\/span><\/p>\n<p><span style=\"font-size: 14pt;\"><span class=\"fontstyle0\">En Terminale : <span class=\"fontstyle2\">dans le cadre du grand oral, les \u00e9l\u00e8ves pr\u00e9pareront pendant l\u2019ann\u00e9e deux questions qui porteront sur les deux enseignements de sp\u00e9cialit\u00e9 (choisis par chaque \u00e9l\u00e8ve) soit pris isol\u00e9ment soit abord\u00e9s de mani\u00e8re transversale. A noter que si au moins l\u2019une des questions<br \/>\ntrait\u00e9es concerne l\u2019enseignement de LLCER espagnol, l\u2019\u00e9preuve orale terminale peut se d\u00e9rouler, en partie, dans la langue vivante concern\u00e9e.<\/span><\/span><\/span><\/p>\n<p><span style=\"font-size: 14pt;\"><span class=\"fontstyle0\"><span class=\"fontstyle2\">Le niveau attendu en fin de 1\u00e8re sera le niveau B2 du CECRL et le niveau C1 sera vis\u00e9, en terminale (notamment dans les activit\u00e9s de r\u00e9ception).*<\/span><\/span><\/span><\/p>\n<p><span style=\"font-size: 14pt;\"><span class=\"fontstyle0\"><span class=\"fontstyle2\">*Pour information, le niveau attendu en fin de terminale en LVB est le B1 du CECRL , B2 en LVA.<\/span><\/span><\/span><\/p>\n<h2>Et apr\u00e8s ?<\/h2>\n<p><span style=\"font-size: 14pt;\"><span class=\"fontstyle0\">\u00a0Cette sp\u00e9 vise principalement \u00e0 former de futurs sp\u00e9cialistes en espagnol ; la <span class=\"fontstyle2\">fili\u00e8re universitaire correspondante <\/span>s&rsquo;intitule pr\u00e9cis\u00e9ment : <span class=\"fontstyle2\">LLCE <\/span>(Langues, Litt\u00e9ratures et cultures \u00e9trang\u00e8res).<\/span><\/span><\/p>\n<h4><span style=\"font-size: 14pt;\"><span class=\"fontstyle2\">Autres fili\u00e8res en lien direct avec l&rsquo;espagnol <\/span><span class=\"fontstyle0\">:<\/span><\/span><\/h4>\n<p><span class=\"fontstyle0\" style=\"font-size: 14pt;\"> &#8211; classe pr\u00e9paratoire litt\u00e9raire sp\u00e9cialit\u00e9 espagnol<br \/>\n&#8211; langues \u00e9trang\u00e8res appliqu\u00e9es (LEA)<br \/>\n&#8211; traduction\/ interpr\u00e9tariat<br \/>\n&#8211; m\u00e9tiers de l&rsquo;enseignement <\/span><\/p>\n<h4><span style=\"font-size: 14pt;\"><span class=\"fontstyle2\">Formations hybrides <\/span><span class=\"fontstyle0\">:<\/span><\/span><\/h4>\n<p><span class=\"fontstyle0\" style=\"font-size: 14pt;\"> doubles dipl\u00f4mes fran\u00e7ais \/ espagnol \u00e0 Sciences Po (IEP)<br \/>\n&#8211; droit fran\u00e7ais\/ droit espagnol \/ droit latino-am\u00e9ricain<br \/>\n&#8211; \u00e9conomie \/ langue et soci\u00e9t\u00e9s espagnole et hispanoam\u00e9ricaines<br \/>\n&#8211; lettres modernes \/ espagnol ; \u00e9tudes anglophones \/<br \/>\nespagnol ; histoire \/ espagnol , etc &#8230;.<\/span><\/p>\n<h4><span class=\"fontstyle2\" style=\"font-size: 14pt;\">Fili\u00e8res ayant un lien moins direct avec l&rsquo;espagnol :<\/span><\/h4>\n<p><span class=\"fontstyle0\" style=\"font-size: 14pt;\">classes pr\u00e9paratoires aux grandes \u00e9coles litt\u00e9raires ou<br \/>\nnon, \u00e9coles de commerce, de communication, \u00e9coles de<br \/>\njournalisme, IEP, sciences sociales, art &#8230; et bien d&rsquo;autres<br \/>\nencore !<\/span><\/p>\n<p><span style=\"font-size: 14pt;\"><span class=\"fontstyle0\">Elle offre \u00e9galement la possibilit\u00e9 de faire ses <\/span><span class=\"fontstyle2\">\u00e9tudes \u00e0<br \/>\nl&rsquo;\u00e9tranger <\/span><span class=\"fontstyle0\">(sous conditions), dans un pays<br \/>\nhispanophone, quel que soit le domaine envisag\u00e9.<\/span><\/span><\/p>\n<p><a href=\"https:\/\/www.lyceejeanbart.fr\/wp-content\/uploads\/2021\/03\/spe-15.pdf\" target=\"_blank\" rel=\"noopener\">Document t\u00e9l\u00e9chargeable<\/a><\/td>\n<\/tr>\n<tr style=\"height: 24px;\">\n<td style=\"height: 24px; text-align: center; width: 30%;\"><\/td>\n<td style=\"width: 70%;\"><\/td>\n<\/tr>\n<tr>\n<td style=\"background-color: #bcd2d4; text-align: center; vertical-align: middle; width: 30%;\"><img decoding=\"async\" class=\"aligncenter wp-image-2824\" src=\"https:\/\/www.lyceejeanbart.fr\/wp-content\/uploads\/2021\/03\/atouts-3.jpg\" alt=\"\" width=\"250\" height=\"125\" srcset=\"https:\/\/www.lyceejeanbart.fr\/wp-content\/uploads\/2021\/03\/atouts-3.jpg 591w, https:\/\/www.lyceejeanbart.fr\/wp-content\/uploads\/2021\/03\/atouts-3-300x150.jpg 300w\" sizes=\"(max-width: 250px) 100vw, 250px\" \/><\/td>\n<td style=\"background-color: #bcd2d4; vertical-align: middle; width: 70%;\"><\/td>\n<\/tr>\n<\/tbody>\n<\/table>\n","protected":false},"excerpt":{"rendered":"<p>Niveau : Seconde, Premi\u00e8re et Terminale &nbsp; C&rsquo;est quoi ? C\u2019est un groupe classe qui se constitue en classe de Premi\u00e8re autour d\u2019un enseignement qui s\u2019inscrit dans la continuit\u00e9 du socle commun de connaissances, de comp\u00e9tences et de culture et vise \u00e0 pr\u00e9parer aux attentes de l\u2019enseignement sup\u00e9rieur. Pour qui ? Cet enseignement est destin\u00e9 [&hellip;]<\/p>\n","protected":false},"author":4,"featured_media":0,"parent":0,"menu_order":0,"comment_status":"closed","ping_status":"closed","template":"","meta":{"ocean_post_layout":"","ocean_both_sidebars_style":"","ocean_both_sidebars_content_width":0,"ocean_both_sidebars_sidebars_width":0,"ocean_sidebar":"0","ocean_second_sidebar":"0","ocean_disable_margins":"enable","ocean_add_body_class":"","ocean_shortcode_before_top_bar":"","ocean_shortcode_after_top_bar":"","ocean_shortcode_before_header":"","ocean_shortcode_after_header":"","ocean_has_shortcode":"","ocean_shortcode_after_title":"","ocean_shortcode_before_footer_widgets":"","ocean_shortcode_after_footer_widgets":"","ocean_shortcode_before_footer_bottom":"","ocean_shortcode_after_footer_bottom":"","ocean_display_top_bar":"default","ocean_display_header":"default","ocean_header_style":"","ocean_center_header_left_menu":"0","ocean_custom_header_template":"0","ocean_custom_logo":0,"ocean_custom_retina_logo":0,"ocean_custom_logo_max_width":0,"ocean_custom_logo_tablet_max_width":0,"ocean_custom_logo_mobile_max_width":0,"ocean_custom_logo_max_height":0,"ocean_custom_logo_tablet_max_height":0,"ocean_custom_logo_mobile_max_height":0,"ocean_header_custom_menu":"0","ocean_menu_typo_font_family":"0","ocean_menu_typo_font_subset":"","ocean_menu_typo_font_size":0,"ocean_menu_typo_font_size_tablet":0,"ocean_menu_typo_font_size_mobile":0,"ocean_menu_typo_font_size_unit":"px","ocean_menu_typo_font_weight":"","ocean_menu_typo_font_weight_tablet":"","ocean_menu_typo_font_weight_mobile":"","ocean_menu_typo_transform":"","ocean_menu_typo_transform_tablet":"","ocean_menu_typo_transform_mobile":"","ocean_menu_typo_line_height":0,"ocean_menu_typo_line_height_tablet":0,"ocean_menu_typo_line_height_mobile":0,"ocean_menu_typo_line_height_unit":"","ocean_menu_typo_spacing":0,"ocean_menu_typo_spacing_tablet":0,"ocean_menu_typo_spacing_mobile":0,"ocean_menu_typo_spacing_unit":"","ocean_menu_link_color":"","ocean_menu_link_color_hover":"","ocean_menu_link_color_active":"","ocean_menu_link_background":"","ocean_menu_link_hover_background":"","ocean_menu_link_active_background":"","ocean_menu_social_links_bg":"","ocean_menu_social_hover_links_bg":"","ocean_menu_social_links_color":"","ocean_menu_social_hover_links_color":"","ocean_disable_title":"default","ocean_disable_heading":"default","ocean_post_title":"","ocean_post_subheading":"","ocean_post_title_style":"","ocean_post_title_background_color":"","ocean_post_title_background":0,"ocean_post_title_bg_image_position":"","ocean_post_title_bg_image_attachment":"","ocean_post_title_bg_image_repeat":"","ocean_post_title_bg_image_size":"","ocean_post_title_height":0,"ocean_post_title_bg_overlay":0.5,"ocean_post_title_bg_overlay_color":"","ocean_disable_breadcrumbs":"default","ocean_breadcrumbs_color":"","ocean_breadcrumbs_separator_color":"","ocean_breadcrumbs_links_color":"","ocean_breadcrumbs_links_hover_color":"","ocean_display_footer_widgets":"default","ocean_display_footer_bottom":"default","ocean_custom_footer_template":"0","footnotes":""},"_links":{"self":[{"href":"https:\/\/www.lyceejeanbart.fr\/index.php\/wp-json\/wp\/v2\/pages\/2873"}],"collection":[{"href":"https:\/\/www.lyceejeanbart.fr\/index.php\/wp-json\/wp\/v2\/pages"}],"about":[{"href":"https:\/\/www.lyceejeanbart.fr\/index.php\/wp-json\/wp\/v2\/types\/page"}],"author":[{"embeddable":true,"href":"https:\/\/www.lyceejeanbart.fr\/index.php\/wp-json\/wp\/v2\/users\/4"}],"replies":[{"embeddable":true,"href":"https:\/\/www.lyceejeanbart.fr\/index.php\/wp-json\/wp\/v2\/comments?post=2873"}],"version-history":[{"count":11,"href":"https:\/\/www.lyceejeanbart.fr\/index.php\/wp-json\/wp\/v2\/pages\/2873\/revisions"}],"predecessor-version":[{"id":4335,"href":"https:\/\/www.lyceejeanbart.fr\/index.php\/wp-json\/wp\/v2\/pages\/2873\/revisions\/4335"}],"wp:attachment":[{"href":"https:\/\/www.lyceejeanbart.fr\/index.php\/wp-json\/wp\/v2\/media?parent=2873"}],"curies":[{"name":"wp","href":"https:\/\/api.w.org\/{rel}","templated":true}]}}