{"id":2938,"date":"2021-03-20T23:17:30","date_gmt":"2021-03-20T22:17:30","guid":{"rendered":"https:\/\/www.lyceejeanbart.fr\/?page_id=2938"},"modified":"2024-01-19T08:29:42","modified_gmt":"2024-01-19T07:29:42","slug":"section-judo","status":"publish","type":"page","link":"https:\/\/www.lyceejeanbart.fr\/index.php\/section-judo\/","title":{"rendered":"Section Judo"},"content":{"rendered":"<table style=\"height: 255px; width: 100%; border-collapse: collapse;\">\n<tbody>\n<tr style=\"height: 160px;\">\n<td style=\"width: 80%; background-color: #bcd2d4; height: 100%; vertical-align: middle;\" colspan=\"2\">\n<h1>Niveau : Seconde, Premi\u00e8re, Terminale<\/h1>\n<\/td>\n<\/tr>\n<tr style=\"height: 24px;\">\n<td style=\"height: 24px; width: 30%; text-align: center; vertical-align: top;\"><img fetchpriority=\"high\" decoding=\"async\" class=\"aligncenter wp-image-2940\" src=\"https:\/\/www.lyceejeanbart.fr\/wp-content\/uploads\/2021\/03\/Judo.png\" alt=\"\" width=\"380\" height=\"412\" srcset=\"https:\/\/www.lyceejeanbart.fr\/wp-content\/uploads\/2021\/03\/Judo.png 591w, https:\/\/www.lyceejeanbart.fr\/wp-content\/uploads\/2021\/03\/Judo-277x300.png 277w\" sizes=\"(max-width: 380px) 100vw, 380px\" \/><\/td>\n<td style=\"width: 50%; vertical-align: top; height: 24px; text-align: left;\">&nbsp;<\/p>\n<p><a href=\"https:\/\/www.lyceejeanbart.fr\/index.php\/section-judo\/lycee-jean-bart-section-judo-promotion-2023-2024\/\" rel=\"attachment wp-att-6751\"><img decoding=\"async\" class=\"alignnone size-full wp-image-6751\" src=\"https:\/\/www.lyceejeanbart.fr\/wp-content\/uploads\/2024\/01\/Lycee-Jean-Bart-Section-JUDO-Promotion-2023-2024.jpg\" alt=\"\" width=\"1754\" height=\"1241\" srcset=\"https:\/\/www.lyceejeanbart.fr\/wp-content\/uploads\/2024\/01\/Lycee-Jean-Bart-Section-JUDO-Promotion-2023-2024.jpg 1754w, https:\/\/www.lyceejeanbart.fr\/wp-content\/uploads\/2024\/01\/Lycee-Jean-Bart-Section-JUDO-Promotion-2023-2024-300x212.jpg 300w, https:\/\/www.lyceejeanbart.fr\/wp-content\/uploads\/2024\/01\/Lycee-Jean-Bart-Section-JUDO-Promotion-2023-2024-1024x725.jpg 1024w, https:\/\/www.lyceejeanbart.fr\/wp-content\/uploads\/2024\/01\/Lycee-Jean-Bart-Section-JUDO-Promotion-2023-2024-768x543.jpg 768w, https:\/\/www.lyceejeanbart.fr\/wp-content\/uploads\/2024\/01\/Lycee-Jean-Bart-Section-JUDO-Promotion-2023-2024-1536x1087.jpg 1536w\" sizes=\"(max-width: 1754px) 100vw, 1754px\" \/><\/a><\/p>\n<h2>\u00ab\u00a0Mettre du judo dans la moyenne\u00a0\u00bb<\/h2>\n<p><span style=\"font-size: 14pt;\">Derri\u00e8re une formule imag\u00e9e c&rsquo;est ce que propose depuis huis ann\u00e9es maintenant la section judo. Pouvoir mener ce double projet pour les \u00e9l\u00e8ves \u00e0 raison de deux s\u00e9ances par semaine le mardi et le jeudi, inscrites dans l&#8217;emploi du temps.<\/span><\/p>\n<p><span style=\"font-size: 14pt;\">Ouvert du d\u00e9butant au judoka aguerri en appliquant le principe de Jigaro Kano (fondateur du judo) \u00a0\u00bb Entraide et prosp\u00e9rit\u00e9 mutuelle\u00a0\u00bb.<\/span><\/p>\n<p><span style=\"font-size: 14pt;\">Le groupe comprend en moyenne 15 judokas auxquels viennent s&rsquo;ajouter des post-bacs selon les ann\u00e9es.<\/span><\/p>\n<p style=\"text-align: center;\"><a href=\"https:\/\/www.lyceejeanbart.fr\/index.php\/section-sportive\/\"><span style=\"font-size: 14pt; color: #ff0000;\"><strong>Dossier d&rsquo;inscription<\/strong><\/span><\/a><\/p>\n<p style=\"text-align: center;\"><img decoding=\"async\" class=\"size-full wp-image-3917 aligncenter\" src=\"https:\/\/www.lyceejeanbart.fr\/wp-content\/uploads\/2021\/10\/Romain-Pailleux-TG-1-et-Matheo-Dufour-1iere-STMG-ont-obtenu-la-ceinture-noire.png\" alt=\"\" width=\"610\" height=\"857\" srcset=\"https:\/\/www.lyceejeanbart.fr\/wp-content\/uploads\/2021\/10\/Romain-Pailleux-TG-1-et-Matheo-Dufour-1iere-STMG-ont-obtenu-la-ceinture-noire.png 610w, https:\/\/www.lyceejeanbart.fr\/wp-content\/uploads\/2021\/10\/Romain-Pailleux-TG-1-et-Matheo-Dufour-1iere-STMG-ont-obtenu-la-ceinture-noire-214x300.png 214w\" sizes=\"(max-width: 610px) 100vw, 610px\" \/><strong><span class=\"fontstyle0\">Romain Pailleux TG 1 et Math\u00e9o Dufour 1 <\/span><span class=\"fontstyle0\">i\u00e8re <\/span><span class=\"fontstyle0\">STMG ont<br \/>\nobtenu la ceinture noire<\/span><\/strong><\/p>\n<p>&nbsp;<\/p>\n<p><img loading=\"lazy\" decoding=\"async\" class=\"alignnone wp-image-3909 size-full\" src=\"https:\/\/www.lyceejeanbart.fr\/wp-content\/uploads\/2021\/10\/img18.jpg\" alt=\"\" width=\"1950\" height=\"978\" srcset=\"https:\/\/www.lyceejeanbart.fr\/wp-content\/uploads\/2021\/10\/img18.jpg 1950w, https:\/\/www.lyceejeanbart.fr\/wp-content\/uploads\/2021\/10\/img18-300x150.jpg 300w, https:\/\/www.lyceejeanbart.fr\/wp-content\/uploads\/2021\/10\/img18-1024x514.jpg 1024w, https:\/\/www.lyceejeanbart.fr\/wp-content\/uploads\/2021\/10\/img18-768x385.jpg 768w, https:\/\/www.lyceejeanbart.fr\/wp-content\/uploads\/2021\/10\/img18-1536x770.jpg 1536w\" sizes=\"(max-width: 1950px) 100vw, 1950px\" \/><\/p>\n<p style=\"text-align: center;\"><strong> <span class=\"fontstyle0\">Vendredi 8 octobre 2021<\/span><\/strong><\/p>\n<p style=\"text-align: center;\"><span class=\"fontstyle0\" style=\"font-size: 14pt;\"><span style=\"font-size: 12pt;\">La section JUDO du lyc\u00e9e Jean Bart a quitt\u00e9 le temps d\u2019un apr\u00e8s-midi le dojo pour assister, au travers de conf\u00e9rences, \u00e0 un autre volet de la pratique sportive.<\/span><br \/>\n<span style=\"font-size: 12pt;\">Y ont \u00e9t\u00e9 d\u00e9velopp\u00e9es une approche sociale, m\u00e9dicale et historique de l\u2019olympisme.<\/span><br \/>\n<span style=\"font-size: 12pt;\">Reposant sur un code moral, le judo se devait d\u2019\u00eatre associ\u00e9 \u00e0 cette d\u00e9marche.<\/span> <\/span><\/p>\n<p>&nbsp;<\/p>\n<p><span style=\"font-size: 14pt;\"><img loading=\"lazy\" decoding=\"async\" class=\"alignnone size-large wp-image-3838\" src=\"https:\/\/www.lyceejeanbart.fr\/wp-content\/uploads\/2021\/09\/Section-sportive-Tiphaine-Ceinture-noire_page-0001-940x1024.jpg\" alt=\"\" width=\"940\" height=\"1024\" srcset=\"https:\/\/www.lyceejeanbart.fr\/wp-content\/uploads\/2021\/09\/Section-sportive-Tiphaine-Ceinture-noire_page-0001-940x1024.jpg 940w, https:\/\/www.lyceejeanbart.fr\/wp-content\/uploads\/2021\/09\/Section-sportive-Tiphaine-Ceinture-noire_page-0001-275x300.jpg 275w, https:\/\/www.lyceejeanbart.fr\/wp-content\/uploads\/2021\/09\/Section-sportive-Tiphaine-Ceinture-noire_page-0001-768x837.jpg 768w, https:\/\/www.lyceejeanbart.fr\/wp-content\/uploads\/2021\/09\/Section-sportive-Tiphaine-Ceinture-noire_page-0001.jpg 1202w\" sizes=\"(max-width: 940px) 100vw, 940px\" \/><\/span><\/p>\n<p style=\"text-align: center;\"><strong>F\u00e9licitation \u00e0 Tiphaine Damperon<\/strong><\/p>\n<p><img loading=\"lazy\" decoding=\"async\" class=\"alignnone size-full wp-image-3893\" src=\"https:\/\/www.lyceejeanbart.fr\/wp-content\/uploads\/2021\/10\/promo22.jpg\" alt=\"\" width=\"901\" height=\"597\" srcset=\"https:\/\/www.lyceejeanbart.fr\/wp-content\/uploads\/2021\/10\/promo22.jpg 901w, https:\/\/www.lyceejeanbart.fr\/wp-content\/uploads\/2021\/10\/promo22-300x199.jpg 300w, https:\/\/www.lyceejeanbart.fr\/wp-content\/uploads\/2021\/10\/promo22-768x509.jpg 768w\" sizes=\"(max-width: 901px) 100vw, 901px\" \/><\/p>\n<p>&nbsp;<\/p>\n<p><img loading=\"lazy\" decoding=\"async\" class=\"aligncenter wp-image-2943 size-large\" src=\"https:\/\/www.lyceejeanbart.fr\/wp-content\/uploads\/2021\/03\/IMG_0105-1024x683.jpg\" alt=\"\" width=\"1024\" height=\"683\" srcset=\"https:\/\/www.lyceejeanbart.fr\/wp-content\/uploads\/2021\/03\/IMG_0105-1024x683.jpg 1024w, https:\/\/www.lyceejeanbart.fr\/wp-content\/uploads\/2021\/03\/IMG_0105-300x200.jpg 300w, https:\/\/www.lyceejeanbart.fr\/wp-content\/uploads\/2021\/03\/IMG_0105-768x512.jpg 768w, https:\/\/www.lyceejeanbart.fr\/wp-content\/uploads\/2021\/03\/IMG_0105-1536x1024.jpg 1536w, https:\/\/www.lyceejeanbart.fr\/wp-content\/uploads\/2021\/03\/IMG_0105-2048x1365.jpg 2048w, https:\/\/www.lyceejeanbart.fr\/wp-content\/uploads\/2021\/03\/IMG_0105-272x182.jpg 272w\" sizes=\"(max-width: 1024px) 100vw, 1024px\" \/><\/p>\n<p style=\"text-align: center;\"><strong>Champion acad\u00e9mique 2019-2020 gar\u00e7on et fille<\/strong><\/p>\n<\/td>\n<\/tr>\n<tr style=\"height: 24px;\">\n<td style=\"height: 24px; width: 30%; text-align: center; vertical-align: top;\"><\/td>\n<td style=\"width: 50%; height: 24px; vertical-align: top;\"><\/td>\n<\/tr>\n<tr style=\"height: 260px;\">\n<td style=\"width: 30%; text-align: center; vertical-align: middle; background-color: #bcd2d4; height: 100px;\"><img loading=\"lazy\" decoding=\"async\" class=\"aligncenter wp-image-2824\" src=\"https:\/\/www.lyceejeanbart.fr\/wp-content\/uploads\/2021\/03\/atouts-3.jpg\" alt=\"\" width=\"250\" height=\"125\" srcset=\"https:\/\/www.lyceejeanbart.fr\/wp-content\/uploads\/2021\/03\/atouts-3.jpg 591w, https:\/\/www.lyceejeanbart.fr\/wp-content\/uploads\/2021\/03\/atouts-3-300x150.jpg 300w\" sizes=\"(max-width: 250px) 100vw, 250px\" \/><\/td>\n<td style=\"width: 50%; background-color: #bcd2d4; height: 100%; vertical-align: middle;\"><span style=\"font-size: 12pt;\"><em>\u00ab\u00a0Jean Bart\u00a0\u00bb a acquis une r\u00e9elle exp\u00e9rience dans la gestion des sections qui permet de laisser l&rsquo;\u00e9l\u00e8ve au centre de son double projet. La pr\u00e9sence d&rsquo;un internat pr\u00e9sente un r\u00e9el avantage.<\/em><\/span><\/td>\n<\/tr>\n<\/tbody>\n<\/table>\n","protected":false},"excerpt":{"rendered":"<p>Niveau : Seconde, Premi\u00e8re, Terminale &nbsp; \u00ab\u00a0Mettre du judo dans la moyenne\u00a0\u00bb Derri\u00e8re une formule imag\u00e9e c&rsquo;est ce que propose depuis huis ann\u00e9es maintenant la section judo. Pouvoir mener ce double projet pour les \u00e9l\u00e8ves \u00e0 raison de deux s\u00e9ances par semaine le mardi et le jeudi, inscrites dans l&#8217;emploi du temps. Ouvert du d\u00e9butant [&hellip;]<\/p>\n","protected":false},"author":4,"featured_media":0,"parent":0,"menu_order":0,"comment_status":"closed","ping_status":"closed","template":"","meta":{"ocean_post_layout":"","ocean_both_sidebars_style":"","ocean_both_sidebars_content_width":0,"ocean_both_sidebars_sidebars_width":0,"ocean_sidebar":"0","ocean_second_sidebar":"0","ocean_disable_margins":"enable","ocean_add_body_class":"","ocean_shortcode_before_top_bar":"","ocean_shortcode_after_top_bar":"","ocean_shortcode_before_header":"","ocean_shortcode_after_header":"","ocean_has_shortcode":"","ocean_shortcode_after_title":"","ocean_shortcode_before_footer_widgets":"","ocean_shortcode_after_footer_widgets":"","ocean_shortcode_before_footer_bottom":"","ocean_shortcode_after_footer_bottom":"","ocean_display_top_bar":"default","ocean_display_header":"default","ocean_header_style":"","ocean_center_header_left_menu":"0","ocean_custom_header_template":"0","ocean_custom_logo":0,"ocean_custom_retina_logo":0,"ocean_custom_logo_max_width":0,"ocean_custom_logo_tablet_max_width":0,"ocean_custom_logo_mobile_max_width":0,"ocean_custom_logo_max_height":0,"ocean_custom_logo_tablet_max_height":0,"ocean_custom_logo_mobile_max_height":0,"ocean_header_custom_menu":"0","ocean_menu_typo_font_family":"0","ocean_menu_typo_font_subset":"","ocean_menu_typo_font_size":0,"ocean_menu_typo_font_size_tablet":0,"ocean_menu_typo_font_size_mobile":0,"ocean_menu_typo_font_size_unit":"px","ocean_menu_typo_font_weight":"","ocean_menu_typo_font_weight_tablet":"","ocean_menu_typo_font_weight_mobile":"","ocean_menu_typo_transform":"","ocean_menu_typo_transform_tablet":"","ocean_menu_typo_transform_mobile":"","ocean_menu_typo_line_height":0,"ocean_menu_typo_line_height_tablet":0,"ocean_menu_typo_line_height_mobile":0,"ocean_menu_typo_line_height_unit":"","ocean_menu_typo_spacing":0,"ocean_menu_typo_spacing_tablet":0,"ocean_menu_typo_spacing_mobile":0,"ocean_menu_typo_spacing_unit":"","ocean_menu_link_color":"","ocean_menu_link_color_hover":"","ocean_menu_link_color_active":"","ocean_menu_link_background":"","ocean_menu_link_hover_background":"","ocean_menu_link_active_background":"","ocean_menu_social_links_bg":"","ocean_menu_social_hover_links_bg":"","ocean_menu_social_links_color":"","ocean_menu_social_hover_links_color":"","ocean_disable_title":"default","ocean_disable_heading":"default","ocean_post_title":"","ocean_post_subheading":"","ocean_post_title_style":"","ocean_post_title_background_color":"","ocean_post_title_background":0,"ocean_post_title_bg_image_position":"","ocean_post_title_bg_image_attachment":"","ocean_post_title_bg_image_repeat":"","ocean_post_title_bg_image_size":"","ocean_post_title_height":0,"ocean_post_title_bg_overlay":0.5,"ocean_post_title_bg_overlay_color":"","ocean_disable_breadcrumbs":"default","ocean_breadcrumbs_color":"","ocean_breadcrumbs_separator_color":"","ocean_breadcrumbs_links_color":"","ocean_breadcrumbs_links_hover_color":"","ocean_display_footer_widgets":"default","ocean_display_footer_bottom":"default","ocean_custom_footer_template":"0","footnotes":""},"_links":{"self":[{"href":"https:\/\/www.lyceejeanbart.fr\/index.php\/wp-json\/wp\/v2\/pages\/2938"}],"collection":[{"href":"https:\/\/www.lyceejeanbart.fr\/index.php\/wp-json\/wp\/v2\/pages"}],"about":[{"href":"https:\/\/www.lyceejeanbart.fr\/index.php\/wp-json\/wp\/v2\/types\/page"}],"author":[{"embeddable":true,"href":"https:\/\/www.lyceejeanbart.fr\/index.php\/wp-json\/wp\/v2\/users\/4"}],"replies":[{"embeddable":true,"href":"https:\/\/www.lyceejeanbart.fr\/index.php\/wp-json\/wp\/v2\/comments?post=2938"}],"version-history":[{"count":19,"href":"https:\/\/www.lyceejeanbart.fr\/index.php\/wp-json\/wp\/v2\/pages\/2938\/revisions"}],"predecessor-version":[{"id":6752,"href":"https:\/\/www.lyceejeanbart.fr\/index.php\/wp-json\/wp\/v2\/pages\/2938\/revisions\/6752"}],"wp:attachment":[{"href":"https:\/\/www.lyceejeanbart.fr\/index.php\/wp-json\/wp\/v2\/media?parent=2938"}],"curies":[{"name":"wp","href":"https:\/\/api.w.org\/{rel}","templated":true}]}}