{"id":3264,"date":"2021-03-29T16:35:47","date_gmt":"2021-03-29T14:35:47","guid":{"rendered":"https:\/\/www.lyceejeanbart.fr\/?page_id=3264"},"modified":"2022-01-06T09:46:58","modified_gmt":"2022-01-06T08:46:58","slug":"specialite-sciences-de-la-vie-et-de-la-terre-terminale","status":"publish","type":"page","link":"https:\/\/www.lyceejeanbart.fr\/index.php\/specialite-sciences-de-la-vie-et-de-la-terre-terminale\/","title":{"rendered":"Sp\u00e9cialit\u00e9 &#8211; Sciences de la Vie et de la Terre (Terminale)"},"content":{"rendered":"<table style=\"height: 255px; width: 100%; border-collapse: collapse;\">\n<tbody>\n<tr style=\"height: 160px;\">\n<td style=\"background-color: #bcd2d4; height: 100%; width: 36.5482%; vertical-align: middle;\">\n<h1>Niveau : Terminale<\/h1>\n<\/td>\n<td style=\"background-color: #bcd2d4; width: 63.3793%;\">\n<h1><\/h1>\n<\/td>\n<\/tr>\n<tr style=\"height: 24px;\">\n<td style=\"height: 24px; width: 36.5482%; text-align: center; vertical-align: top;\"><img fetchpriority=\"high\" decoding=\"async\" class=\"aligncenter wp-image-2897\" src=\"https:\/\/www.lyceejeanbart.fr\/wp-content\/uploads\/2021\/03\/SVT-1.png\" alt=\"\" width=\"340\" height=\"234\" srcset=\"https:\/\/www.lyceejeanbart.fr\/wp-content\/uploads\/2021\/03\/SVT-1.png 640w, https:\/\/www.lyceejeanbart.fr\/wp-content\/uploads\/2021\/03\/SVT-1-300x207.png 300w\" sizes=\"(max-width: 340px) 100vw, 340px\" \/><\/td>\n<td style=\"width: 63.3793%; vertical-align: top; height: 24px; text-align: left;\">\n<p align=\"justify\"><span style=\"font-size: 14pt;\">Les Sciences de la Vie et de la Terre (SVT) correspondent \u00e0 une mati\u00e8re scientifique ayant pour objectif d\u2019\u00e9tudier la vie et la plan\u00e8te Terre au c\u0153ur de l\u2019Univers.<\/span><\/p>\n<p align=\"justify\"><span style=\"font-size: 14pt;\">Au lyc\u00e9e Jean Bart, les \u00e9l\u00e8ves \u00e9tudient les SVT en classe de Seconde puis chaque \u00e9l\u00e8ve peut d\u00e9cider de se sp\u00e9cialiser dans cette discipline \u00e0 partir de la classe de Premi\u00e8re et jusqu\u2019en Terminale.<\/span><\/p>\n<h2 align=\"justify\">QU&rsquo;EST-CE QUE LA SPECIALITE SVT EN CLASSE DE TERMINALE ?<\/h2>\n<p align=\"justify\"><span style=\"font-size: 14pt;\">La sp\u00e9cialit\u00e9 SVT propose 6 heures d\u2019enseignement hebdomadaire, avec chaque semaine une s\u00e9ance de travaux pratiques (TP) et deux s\u00e9ances de cours. Le programme est organis\u00e9 autour de trois th\u00e8mes :<\/span><\/p>\n<p align=\"justify\"><span style=\"font-size: 14pt;\"><strong>Th\u00e8me 1- La Terre, la vie et l\u2019organisation du vivant<\/strong><\/span><\/p>\n<p style=\"text-align: center;\" align=\"justify\"><span style=\"font-size: 14pt;\">R\u00e9aliser des recherches sur le monde vivant et son \u00e9volution.<\/span><\/p>\n<p align=\"justify\"><span style=\"font-size: 14pt;\"><strong>Th\u00e8me 2- Les enjeux contemporains de la plan\u00e8te<\/strong><\/span><\/p>\n<p style=\"text-align: center;\" align=\"justify\"><span style=\"font-size: 14pt;\">Explorer des \u00e9cosyst\u00e8mes et d\u00e9couvrir l\u2019histoire de la plan\u00e8te bleue.<\/span><\/p>\n<p align=\"justify\"><span style=\"font-size: 14pt;\"><strong>Th\u00e8me 3- Le corps humain et la sant\u00e9<\/strong><\/span><\/p>\n<p style=\"text-align: center;\" align=\"justify\"><span style=\"font-size: 14pt;\">\u00c9tudier l\u2019organisme humain, son anatomie, son fonctionnement en lien avec la sant\u00e9.<\/span><\/p>\n<h2 align=\"justify\">POURQUOI CHOISIR LA SPECIALITE SVT EN TERMINALE ?<\/h2>\n<ul>\n<li><span style=\"font-size: 14pt;\">L\u2019\u00e9l\u00e8ve est int\u00e9ress\u00e9 par les SVT et a bien r\u00e9ussi en classe de Premi\u00e8re.<\/span><\/li>\n<li><span style=\"font-size: 14pt;\">L\u2019\u00e9l\u00e8ve a un projet d\u2019\u00e9tudes en lien avec les SVT (\u00e9tudes de sant\u00e9 PASS ou L.AS, IFSI, BUT g\u00e9nie biologique, Pr\u00e9pa BCPST, Licence SVT\u2026).<\/span><\/li>\n<\/ul>\n<p><iframe src=\"\/\/www.youtube.com\/embed\/rzaLQH_pYco\" width=\"713\" height=\"400\" allowfullscreen=\"allowfullscreen\"><\/iframe><\/p>\n<p><a href=\"http:\/\/ent-apbg.org\/orientation_docs\/0001.html\" target=\"_blank\" rel=\"noopener\"><span style=\"font-size: 14pt;\">L&rsquo;orientation avec la sp\u00e9cialit\u00e9 SVT<\/span><\/a><\/td>\n<\/tr>\n<tr style=\"height: 24px;\">\n<td style=\"height: 24px; width: 36.5482%; text-align: center; vertical-align: top;\"><\/td>\n<td style=\"width: 63.3793%; height: 24px; vertical-align: top;\"><\/td>\n<\/tr>\n<tr style=\"height: 260px;\">\n<td style=\"width: 36.5482%; text-align: center; vertical-align: middle; background-color: #bcd2d4; height: 100px;\"><img decoding=\"async\" class=\"aligncenter wp-image-2824\" src=\"https:\/\/www.lyceejeanbart.fr\/wp-content\/uploads\/2021\/03\/atouts-3.jpg\" alt=\"\" width=\"250\" height=\"125\" srcset=\"https:\/\/www.lyceejeanbart.fr\/wp-content\/uploads\/2021\/03\/atouts-3.jpg 591w, https:\/\/www.lyceejeanbart.fr\/wp-content\/uploads\/2021\/03\/atouts-3-300x150.jpg 300w\" sizes=\"(max-width: 250px) 100vw, 250px\" \/><\/td>\n<td style=\"width: 63.3793%; background-color: #bcd2d4; height: 100%; vertical-align: middle;\">\n<ul>\n<li style=\"text-align: left;\"><span style=\"font-size: 14pt;\"><em>Le lyc\u00e9e poss\u00e8de des salles de SVT organis\u00e9es pour la r\u00e9alisation des TP,<\/em><\/span><\/li>\n<li style=\"text-align: left;\"><span style=\"font-size: 14pt;\"><em>Plusieurs de ces salles sont notamment \u00e9quip\u00e9es de mat\u00e9riel informatique permettant l\u2019utilisation de nouvelles technologies en science, comme la r\u00e9alisation de l\u2019Exp\u00e9rimentation assist\u00e9e par Ordinateur (ExAO),<\/em><\/span><\/li>\n<li style=\"text-align: left;\"><span style=\"font-size: 14pt;\"><em>Le laboratoire de SVT est dot\u00e9 d\u2019un mat\u00e9riel performant comme le mat\u00e9riel d\u2019analyse g\u00e9n\u00e9tique de pointe permettant le s\u00e9quen\u00e7age de l\u2019ADN (technique PCR),<\/em><\/span><\/li>\n<li style=\"text-align: left;\"><span style=\"font-size: 14pt;\"><em>Le laboratoire SVT poss\u00e8de \u00e9galement une collection importante en biologie (squelettes, maquettes\u2026) et en g\u00e9ologie (roches, mod\u00e8les, mat\u00e9riel de terrain comme des stations m\u00e9t\u00e9orologiques).<\/em><\/span><\/li>\n<\/ul>\n<\/td>\n<\/tr>\n<\/tbody>\n<\/table>\n","protected":false},"excerpt":{"rendered":"<p>Niveau : Terminale Les Sciences de la Vie et de la Terre (SVT) correspondent \u00e0 une mati\u00e8re scientifique ayant pour objectif d\u2019\u00e9tudier la vie et la plan\u00e8te Terre au c\u0153ur de l\u2019Univers. Au lyc\u00e9e Jean Bart, les \u00e9l\u00e8ves \u00e9tudient les SVT en classe de Seconde puis chaque \u00e9l\u00e8ve peut d\u00e9cider de se sp\u00e9cialiser dans cette [&hellip;]<\/p>\n","protected":false},"author":4,"featured_media":0,"parent":0,"menu_order":0,"comment_status":"closed","ping_status":"closed","template":"","meta":{"ocean_post_layout":"","ocean_both_sidebars_style":"","ocean_both_sidebars_content_width":0,"ocean_both_sidebars_sidebars_width":0,"ocean_sidebar":"0","ocean_second_sidebar":"0","ocean_disable_margins":"enable","ocean_add_body_class":"","ocean_shortcode_before_top_bar":"","ocean_shortcode_after_top_bar":"","ocean_shortcode_before_header":"","ocean_shortcode_after_header":"","ocean_has_shortcode":"","ocean_shortcode_after_title":"","ocean_shortcode_before_footer_widgets":"","ocean_shortcode_after_footer_widgets":"","ocean_shortcode_before_footer_bottom":"","ocean_shortcode_after_footer_bottom":"","ocean_display_top_bar":"default","ocean_display_header":"default","ocean_header_style":"","ocean_center_header_left_menu":"0","ocean_custom_header_template":"0","ocean_custom_logo":0,"ocean_custom_retina_logo":0,"ocean_custom_logo_max_width":0,"ocean_custom_logo_tablet_max_width":0,"ocean_custom_logo_mobile_max_width":0,"ocean_custom_logo_max_height":0,"ocean_custom_logo_tablet_max_height":0,"ocean_custom_logo_mobile_max_height":0,"ocean_header_custom_menu":"0","ocean_menu_typo_font_family":"0","ocean_menu_typo_font_subset":"","ocean_menu_typo_font_size":0,"ocean_menu_typo_font_size_tablet":0,"ocean_menu_typo_font_size_mobile":0,"ocean_menu_typo_font_size_unit":"px","ocean_menu_typo_font_weight":"","ocean_menu_typo_font_weight_tablet":"","ocean_menu_typo_font_weight_mobile":"","ocean_menu_typo_transform":"","ocean_menu_typo_transform_tablet":"","ocean_menu_typo_transform_mobile":"","ocean_menu_typo_line_height":0,"ocean_menu_typo_line_height_tablet":0,"ocean_menu_typo_line_height_mobile":0,"ocean_menu_typo_line_height_unit":"","ocean_menu_typo_spacing":0,"ocean_menu_typo_spacing_tablet":0,"ocean_menu_typo_spacing_mobile":0,"ocean_menu_typo_spacing_unit":"","ocean_menu_link_color":"","ocean_menu_link_color_hover":"","ocean_menu_link_color_active":"","ocean_menu_link_background":"","ocean_menu_link_hover_background":"","ocean_menu_link_active_background":"","ocean_menu_social_links_bg":"","ocean_menu_social_hover_links_bg":"","ocean_menu_social_links_color":"","ocean_menu_social_hover_links_color":"","ocean_disable_title":"default","ocean_disable_heading":"default","ocean_post_title":"","ocean_post_subheading":"","ocean_post_title_style":"","ocean_post_title_background_color":"","ocean_post_title_background":0,"ocean_post_title_bg_image_position":"","ocean_post_title_bg_image_attachment":"","ocean_post_title_bg_image_repeat":"","ocean_post_title_bg_image_size":"","ocean_post_title_height":0,"ocean_post_title_bg_overlay":0.5,"ocean_post_title_bg_overlay_color":"","ocean_disable_breadcrumbs":"default","ocean_breadcrumbs_color":"","ocean_breadcrumbs_separator_color":"","ocean_breadcrumbs_links_color":"","ocean_breadcrumbs_links_hover_color":"","ocean_display_footer_widgets":"default","ocean_display_footer_bottom":"default","ocean_custom_footer_template":"0","footnotes":""},"_links":{"self":[{"href":"https:\/\/www.lyceejeanbart.fr\/index.php\/wp-json\/wp\/v2\/pages\/3264"}],"collection":[{"href":"https:\/\/www.lyceejeanbart.fr\/index.php\/wp-json\/wp\/v2\/pages"}],"about":[{"href":"https:\/\/www.lyceejeanbart.fr\/index.php\/wp-json\/wp\/v2\/types\/page"}],"author":[{"embeddable":true,"href":"https:\/\/www.lyceejeanbart.fr\/index.php\/wp-json\/wp\/v2\/users\/4"}],"replies":[{"embeddable":true,"href":"https:\/\/www.lyceejeanbart.fr\/index.php\/wp-json\/wp\/v2\/comments?post=3264"}],"version-history":[{"count":5,"href":"https:\/\/www.lyceejeanbart.fr\/index.php\/wp-json\/wp\/v2\/pages\/3264\/revisions"}],"predecessor-version":[{"id":4143,"href":"https:\/\/www.lyceejeanbart.fr\/index.php\/wp-json\/wp\/v2\/pages\/3264\/revisions\/4143"}],"wp:attachment":[{"href":"https:\/\/www.lyceejeanbart.fr\/index.php\/wp-json\/wp\/v2\/media?parent=3264"}],"curies":[{"name":"wp","href":"https:\/\/api.w.org\/{rel}","templated":true}]}}